{"id":716,"date":"2019-10-23T18:39:31","date_gmt":"2019-10-23T16:39:31","guid":{"rendered":"http:\/\/iksi.strony.uw.edu.pl\/?page_id=716"},"modified":"2026-02-16T12:40:48","modified_gmt":"2026-02-16T11:40:48","slug":"dr-agnieszka-dickel","status":"publish","type":"page","link":"http:\/\/iksi.uw.edu.pl\/de\/pracownicy\/dr-agnieszka-dickel\/","title":{"rendered":"dr Agnieszka Dickel"},"content":{"rendered":"<div class=\"su-tabs su-tabs-style-default su-tabs-mobile-scroll su-tabs-vertical\" data-active=\"1\" data-scroll-offset=\"0\" data-anchor-in-url=\"no\"><div class=\"su-tabs-nav\"><span class=\"\" data-url=\"\" data-target=\"blank\" tabindex=\"0\" role=\"button\">Informacje<\/span><span class=\"\" data-url=\"\" data-target=\"blank\" tabindex=\"0\" role=\"button\">Przebieg kariery<\/span><span class=\"\" data-url=\"\" data-target=\"blank\" tabindex=\"0\" role=\"button\">Zainteresowania naukowe<\/span><span class=\"\" data-url=\"\" data-target=\"blank\" tabindex=\"0\" role=\"button\">Wybrane publikacje<\/span><span class=\"\" data-url=\"\" data-target=\"blank\" tabindex=\"0\" role=\"button\">Linki do osobistych profili naukowych\/zawodowych<\/span><span class=\"\" data-url=\"\" data-target=\"blank\" tabindex=\"0\" role=\"button\">Wi\u0119cej<\/span><\/div><div class=\"su-tabs-panes\"><div class=\"su-tabs-pane su-u-clearfix su-u-trim\" data-title=\"Informacje\">\n<div class=\"su-table su-table-responsive su-table-alternate su-table-fixed\">\n<table style=\"width: 0px\">\n<tbody>\n<tr>\n<td style=\"width: 184px\"><strong>ORCID<\/strong><\/td>\n<td style=\"width: 306px\">&#8211;<\/td>\n<\/tr>\n<tr>\n<td style=\"width: 184px\"><strong>Obszar naukowy<\/strong><\/td>\n<td style=\"width: 306px\">j\u0119zykoznawstwo<\/td>\n<\/tr>\n<tr>\n<td style=\"width: 184px\"><strong>Stanowisko<\/strong><\/td>\n<td style=\"width: 306px\">adiunkt<\/td>\n<\/tr>\n<tr>\n<td style=\"width: 184px\"><strong>Numer pokoju w IKSI<\/strong><\/td>\n<td style=\"width: 306px\">3.514<\/td>\n<\/tr>\n<tr>\n<td style=\"width: 184px\"><strong>E-mail<\/strong><\/td>\n<td style=\"width: 306px\">a.dickel@uw.edu.pl<\/td>\n<\/tr>\n<tr>\n<td style=\"width: 184px\"><strong>Dy\u017cur<\/strong><\/td>\n<td style=\"width: 306px\" width=\"302\">czwartek,<\/p>\n<p>godz. 11.30-12.30<\/td>\n<\/tr>\n<\/tbody>\n<\/table>\n<\/div><\/div>\n<div class=\"su-tabs-pane su-u-clearfix su-u-trim\" data-title=\"Przebieg kariery\">\n<ul>\n<li>doktor nauk humanistycznych w zakresie j\u0119zykoznawstwa, Uniwersytet Warszawski, 2000<\/li>\n<li>magister filologii w zakresie lingwistyki stosowanej, Uniwersytet Warszawski, 1990<\/li>\n<\/ul>\n<\/div>\n<div class=\"su-tabs-pane su-u-clearfix su-u-trim\" data-title=\"Zainteresowania naukowe\">\n<ul>\n<li>lingwistyka j\u0119zyk\u00f3w specjalistycznych<\/li>\n<li>lingwistyka kontrastywna<\/li>\n<li>translatoryka<\/li>\n<li>dydaktyka translacji<\/li>\n<li>teoria i praktyka przek\u0142adu literackiego<\/li>\n<\/ul>\n<\/div>\n<div class=\"su-tabs-pane su-u-clearfix su-u-trim\" data-title=\"Wybrane publikacje\">\n<div class=\"su-table su-table-responsive su-table-alternate su-table-fixed\">\n<table style=\"width: 100%\">\n<tbody>\n<tr>\n<td style=\"width: 11.2583%\"><strong>Ksi\u0105\u017cki<\/strong><\/td>\n<td style=\"width: 87.6821%\" width=\"438\">\n<ul>\n<li>Dickel, A.\/ Burda, U.\/ Olpi\u0144ska, M. (7 podr\u0119cznik\u00f3w w ramach serii wydawniczej 2007-2010), Polens Wirtschafts- und Rechtssystem, Warszawa.<\/li>\n<\/ul>\n<\/td>\n<\/tr>\n<tr>\n<td style=\"width: 11.2583%\"><strong>Rozdzia\u0142y<\/strong><\/td>\n<td style=\"width: 87.6821%\">\n<ul>\n<li><\/li>\n<\/ul>\n<\/td>\n<\/tr>\n<tr>\n<td style=\"width: 11.2583%\"><strong>Artyku\u0142y<\/strong><\/td>\n<td style=\"width: 87.6821%\">\n<ul>\n<li>Dickel, A. (2013), Didaktik des Fachsprachenunterrichts, (w:) Karpi\u0144ski \u0141. (red.), \u201eKomunikacja Specjalistyczna\u201d 6, \u00a0s.101-120.<\/li>\n<li>Dickel, A. (2013), Geschichtlicher Hintergrund von Fachsprachen und ihre Definition, (w:) Grucza, F. (red.), \u201ePublikationen der Internationalen Vereinigung f\u00fcr Germanistik,\u00a0\u00a0 Akten des XII Internationalen Germanistikkongresses Warschau 2010\u201c18, \u00a0Frankfurt am Main-Berlin-Bern-Bruxelles-New York-Oxford-Warszawa-Wien, s. 19-24.<\/li>\n<li>Dickel, A. (2012), Der fachsprachliche und der allgemeinsprachliche Unterricht \u2013 Gemeinsamkeiten und Unterschiede, (w:) Olpi\u0144ska-Szkie\u0142ko, M.\/ Grucza, S.\/ Berdychowska, Z\/ \u017bmudzki, J. (red.), \u00a0\u201eDer Mensch und seine Sprachen. Festschrift f\u00fcr Professor Franciszek Grucza\u201c, Frankfurt am Main-Berlin-Bern-Bruxelles-New York-Oxford-Warszawa-Wien, s.\u00a0 196-205.<\/li>\n<li>Dickel, A\/ Burda, U\/\u00a0 Grucza, S.\/ Szersze\u0144, P. (2012), LISTIG-Wsparcie e-learningowe dla praktyki glotto- i translodydaktycznej, (w:) \u201eLingwistyka Stosowana\u201d6, Warszawa,\u00a0 s. 59-74.<\/li>\n<li>Dickel, A. (2012), Materia\u0142y do nauczania niemieckiego j\u0119zyka gospodarki dla przysz\u0142ych t\u0142umaczy oraz ich struktura, (w:) Ko\u015bcia\u0142kowska-Oko\u0144ska, E.\/ P\u0142awski M. (red.), \u201eRocznik Przek\u0142adoznawczy 7. Studia nad teori\u0105, praktyk\u0105 i dydaktyk\u0105 przek\u0142adu\u201d, Toru\u0144, s. 179-188.<\/li>\n<\/ul>\n<\/td>\n<\/tr>\n<\/tbody>\n<\/table>\n<\/div><\/div>\n<div class=\"su-tabs-pane su-u-clearfix su-u-trim\" data-title=\"Linki do osobistych profili naukowych\/zawodowych\"><\/div>\n<div class=\"su-tabs-pane su-u-clearfix su-u-trim\" data-title=\"Wi\u0119cej\"><\/div><\/div><\/div><div class=\"su-tabs su-tabs-style-default su-tabs-mobile-scroll su-tabs-vertical\" data-active=\"1\" data-scroll-offset=\"0\" data-anchor-in-url=\"no\"><div class=\"su-tabs-nav\"><span class=\"\" data-url=\"\" data-target=\"blank\" tabindex=\"0\" role=\"button\">Informacje<\/span><span class=\"\" data-url=\"\" data-target=\"blank\" tabindex=\"0\" role=\"button\">Przebieg kariery<\/span><span class=\"\" data-url=\"\" data-target=\"blank\" tabindex=\"0\" role=\"button\">Zainteresowania naukowe<\/span><span class=\"\" data-url=\"\" data-target=\"blank\" tabindex=\"0\" role=\"button\">Wybrane publikacje<\/span><span class=\"\" data-url=\"\" data-target=\"blank\" tabindex=\"0\" role=\"button\">Linki do osobistych profili naukowych\/zawodowych<\/span><span class=\"\" data-url=\"\" data-target=\"blank\" tabindex=\"0\" role=\"button\">Wi\u0119cej<\/span><\/div><div class=\"su-tabs-panes\"><div class=\"su-tabs-pane su-u-clearfix su-u-trim\" data-title=\"Informacje\">\n<div class=\"su-table su-table-responsive su-table-alternate su-table-fixed\">\n<table style=\"width: 0px\">\n<tbody>\n<tr>\n<td style=\"width: 184px\"><strong>ORCID<\/strong><\/td>\n<td style=\"width: 306px\">&#8211;<\/td>\n<\/tr>\n<tr>\n<td style=\"width: 184px\"><strong>Obszar naukowy<\/strong><\/td>\n<td style=\"width: 306px\">j\u0119zykoznawstwo<\/td>\n<\/tr>\n<tr>\n<td style=\"width: 184px\"><strong>Stanowisko<\/strong><\/td>\n<td style=\"width: 306px\">adiunkt<\/td>\n<\/tr>\n<tr>\n<td style=\"width: 184px\"><strong>Numer pokoju w IKSI<\/strong><\/td>\n<td style=\"width: 306px\">3.514<\/td>\n<\/tr>\n<tr>\n<td style=\"width: 184px\"><strong>E-mail<\/strong><\/td>\n<td style=\"width: 306px\">a.dickel@uw.edu.pl<\/td>\n<\/tr>\n<tr>\n<td style=\"width: 184px\"><strong>Dy\u017cur<\/strong><\/td>\n<td style=\"width: 306px\" width=\"302\">czwartek,<\/p>\n<p>godz. 11.30-12.30<\/td>\n<\/tr>\n<\/tbody>\n<\/table>\n<\/div><\/div>\n<div class=\"su-tabs-pane su-u-clearfix su-u-trim\" data-title=\"Przebieg kariery\">\n<ul>\n<li>doktor nauk humanistycznych w zakresie j\u0119zykoznawstwa, Uniwersytet Warszawski, 2000<\/li>\n<li>magister filologii w zakresie lingwistyki stosowanej, Uniwersytet Warszawski, 1990<\/li>\n<\/ul>\n<\/div>\n<div class=\"su-tabs-pane su-u-clearfix su-u-trim\" data-title=\"Zainteresowania naukowe\">\n<ul>\n<li>lingwistyka j\u0119zyk\u00f3w specjalistycznych<\/li>\n<li>lingwistyka kontrastywna<\/li>\n<li>translatoryka<\/li>\n<li>dydaktyka translacji<\/li>\n<li>teoria i praktyka przek\u0142adu literackiego<\/li>\n<\/ul>\n<\/div>\n<div class=\"su-tabs-pane su-u-clearfix su-u-trim\" data-title=\"Wybrane publikacje\">\n<div class=\"su-table su-table-responsive su-table-alternate su-table-fixed\">\n<table style=\"width: 100%\">\n<tbody>\n<tr>\n<td style=\"width: 11.2583%\"><strong>Ksi\u0105\u017cki<\/strong><\/td>\n<td style=\"width: 87.6821%\" width=\"438\">\n<ul>\n<li>Dickel, A.\/ Burda, U.\/ Olpi\u0144ska, M. (7 podr\u0119cznik\u00f3w w ramach serii wydawniczej 2007-2010), Polens Wirtschafts- und Rechtssystem, Warszawa.<\/li>\n<\/ul>\n<\/td>\n<\/tr>\n<tr>\n<td style=\"width: 11.2583%\"><strong>Rozdzia\u0142y<\/strong><\/td>\n<td style=\"width: 87.6821%\">\n<ul>\n<li><\/li>\n<\/ul>\n<\/td>\n<\/tr>\n<tr>\n<td style=\"width: 11.2583%\"><strong>Artyku\u0142y<\/strong><\/td>\n<td style=\"width: 87.6821%\">\n<ul>\n<li>Dickel, A. (2013), Didaktik des Fachsprachenunterrichts, (w:) Karpi\u0144ski \u0141. (red.), \u201eKomunikacja Specjalistyczna\u201d 6, \u00a0s.101-120.<\/li>\n<li>Dickel, A. (2013), Geschichtlicher Hintergrund von Fachsprachen und ihre Definition, (w:) Grucza, F. (red.), \u201ePublikationen der Internationalen Vereinigung f\u00fcr Germanistik,\u00a0\u00a0 Akten des XII Internationalen Germanistikkongresses Warschau 2010\u201c18, \u00a0Frankfurt am Main-Berlin-Bern-Bruxelles-New York-Oxford-Warszawa-Wien, s. 19-24.<\/li>\n<li>Dickel, A. (2012), Der fachsprachliche und der allgemeinsprachliche Unterricht \u2013 Gemeinsamkeiten und Unterschiede, (w:) Olpi\u0144ska-Szkie\u0142ko, M.\/ Grucza, S.\/ Berdychowska, Z\/ \u017bmudzki, J. (red.), \u00a0\u201eDer Mensch und seine Sprachen. Festschrift f\u00fcr Professor Franciszek Grucza\u201c, Frankfurt am Main-Berlin-Bern-Bruxelles-New York-Oxford-Warszawa-Wien, s.\u00a0 196-205.<\/li>\n<li>Dickel, A\/ Burda, U\/\u00a0 Grucza, S.\/ Szersze\u0144, P. (2012), LISTIG-Wsparcie e-learningowe dla praktyki glotto- i translodydaktycznej, (w:) \u201eLingwistyka Stosowana\u201d6, Warszawa,\u00a0 s. 59-74.<\/li>\n<li>Dickel, A. (2012), Materia\u0142y do nauczania niemieckiego j\u0119zyka gospodarki dla przysz\u0142ych t\u0142umaczy oraz ich struktura, (w:) Ko\u015bcia\u0142kowska-Oko\u0144ska, E.\/ P\u0142awski M. (red.), \u201eRocznik Przek\u0142adoznawczy 7. Studia nad teori\u0105, praktyk\u0105 i dydaktyk\u0105 przek\u0142adu\u201d, Toru\u0144, s. 179-188.<\/li>\n<\/ul>\n<\/td>\n<\/tr>\n<\/tbody>\n<\/table>\n<\/div><\/div>\n<div class=\"su-tabs-pane su-u-clearfix su-u-trim\" data-title=\"Linki do osobistych profili naukowych\/zawodowych\"><\/div>\n<div class=\"su-tabs-pane su-u-clearfix su-u-trim\" data-title=\"Wi\u0119cej\"><\/div><\/div><\/div><div class=\"su-tabs su-tabs-style-default su-tabs-mobile-scroll su-tabs-vertical\" data-active=\"1\" data-scroll-offset=\"0\" data-anchor-in-url=\"no\"><div class=\"su-tabs-nav\"><span class=\"\" data-url=\"\" data-target=\"blank\" tabindex=\"0\" role=\"button\">Informacje<\/span><span class=\"\" data-url=\"\" data-target=\"blank\" tabindex=\"0\" role=\"button\">Przebieg kariery<\/span><span class=\"\" data-url=\"\" data-target=\"blank\" tabindex=\"0\" role=\"button\">Zainteresowania naukowe<\/span><span class=\"\" data-url=\"\" data-target=\"blank\" tabindex=\"0\" role=\"button\">Wybrane publikacje<\/span><span class=\"\" data-url=\"\" data-target=\"blank\" tabindex=\"0\" role=\"button\">Linki do osobistych profili naukowych\/zawodowych<\/span><span class=\"\" data-url=\"\" data-target=\"blank\" tabindex=\"0\" role=\"button\">Wi\u0119cej<\/span><\/div><div class=\"su-tabs-panes\"><div class=\"su-tabs-pane su-u-clearfix su-u-trim\" data-title=\"Informacje\">\n<div class=\"su-table su-table-responsive su-table-alternate su-table-fixed\">\n<table style=\"width: 0px\">\n<tbody>\n<tr>\n<td style=\"width: 184px\"><strong>ORCID<\/strong><\/td>\n<td style=\"width: 306px\">&#8211;<\/td>\n<\/tr>\n<tr>\n<td style=\"width: 184px\"><strong>Obszar naukowy<\/strong><\/td>\n<td style=\"width: 306px\">j\u0119zykoznawstwo<\/td>\n<\/tr>\n<tr>\n<td style=\"width: 184px\"><strong>Stanowisko<\/strong><\/td>\n<td style=\"width: 306px\">adiunkt<\/td>\n<\/tr>\n<tr>\n<td style=\"width: 184px\"><strong>Numer pokoju w IKSI<\/strong><\/td>\n<td style=\"width: 306px\">3.514<\/td>\n<\/tr>\n<tr>\n<td style=\"width: 184px\"><strong>E-mail<\/strong><\/td>\n<td style=\"width: 306px\">a.dickel@uw.edu.pl<\/td>\n<\/tr>\n<tr>\n<td style=\"width: 184px\"><strong>Dy\u017cur<\/strong><\/td>\n<td style=\"width: 306px\" width=\"302\">czwartek,<\/p>\n<p>godz. 11.30-12.30<\/td>\n<\/tr>\n<\/tbody>\n<\/table>\n<\/div><\/div>\n<div class=\"su-tabs-pane su-u-clearfix su-u-trim\" data-title=\"Przebieg kariery\">\n<ul>\n<li>doktor nauk humanistycznych w zakresie j\u0119zykoznawstwa, Uniwersytet Warszawski, 2000<\/li>\n<li>magister filologii w zakresie lingwistyki stosowanej, Uniwersytet Warszawski, 1990<\/li>\n<\/ul>\n<\/div>\n<div class=\"su-tabs-pane su-u-clearfix su-u-trim\" data-title=\"Zainteresowania naukowe\">\n<ul>\n<li>lingwistyka j\u0119zyk\u00f3w specjalistycznych<\/li>\n<li>lingwistyka kontrastywna<\/li>\n<li>translatoryka<\/li>\n<li>dydaktyka translacji<\/li>\n<li>teoria i praktyka przek\u0142adu literackiego<\/li>\n<\/ul>\n<\/div>\n<div class=\"su-tabs-pane su-u-clearfix su-u-trim\" data-title=\"Wybrane publikacje\">\n<div class=\"su-table su-table-responsive su-table-alternate su-table-fixed\">\n<table style=\"width: 100%\">\n<tbody>\n<tr>\n<td style=\"width: 11.2583%\"><strong>Ksi\u0105\u017cki<\/strong><\/td>\n<td style=\"width: 87.6821%\" width=\"438\">\n<ul>\n<li>Dickel, A.\/ Burda, U.\/ Olpi\u0144ska, M. (7 podr\u0119cznik\u00f3w w ramach serii wydawniczej 2007-2010), Polens Wirtschafts- und Rechtssystem, Warszawa.<\/li>\n<\/ul>\n<\/td>\n<\/tr>\n<tr>\n<td style=\"width: 11.2583%\"><strong>Rozdzia\u0142y<\/strong><\/td>\n<td style=\"width: 87.6821%\">\n<ul>\n<li><\/li>\n<\/ul>\n<\/td>\n<\/tr>\n<tr>\n<td style=\"width: 11.2583%\"><strong>Artyku\u0142y<\/strong><\/td>\n<td style=\"width: 87.6821%\">\n<ul>\n<li>Dickel, A. (2013), Didaktik des Fachsprachenunterrichts, (w:) Karpi\u0144ski \u0141. (red.), \u201eKomunikacja Specjalistyczna\u201d 6, \u00a0s.101-120.<\/li>\n<li>Dickel, A. (2013), Geschichtlicher Hintergrund von Fachsprachen und ihre Definition, (w:) Grucza, F. (red.), \u201ePublikationen der Internationalen Vereinigung f\u00fcr Germanistik,\u00a0\u00a0 Akten des XII Internationalen Germanistikkongresses Warschau 2010\u201c18, \u00a0Frankfurt am Main-Berlin-Bern-Bruxelles-New York-Oxford-Warszawa-Wien, s. 19-24.<\/li>\n<li>Dickel, A. (2012), Der fachsprachliche und der allgemeinsprachliche Unterricht \u2013 Gemeinsamkeiten und Unterschiede, (w:) Olpi\u0144ska-Szkie\u0142ko, M.\/ Grucza, S.\/ Berdychowska, Z\/ \u017bmudzki, J. (red.), \u00a0\u201eDer Mensch und seine Sprachen. Festschrift f\u00fcr Professor Franciszek Grucza\u201c, Frankfurt am Main-Berlin-Bern-Bruxelles-New York-Oxford-Warszawa-Wien, s.\u00a0 196-205.<\/li>\n<li>Dickel, A\/ Burda, U\/\u00a0 Grucza, S.\/ Szersze\u0144, P. (2012), LISTIG-Wsparcie e-learningowe dla praktyki glotto- i translodydaktycznej, (w:) \u201eLingwistyka Stosowana\u201d6, Warszawa,\u00a0 s. 59-74.<\/li>\n<li>Dickel, A. (2012), Materia\u0142y do nauczania niemieckiego j\u0119zyka gospodarki dla przysz\u0142ych t\u0142umaczy oraz ich struktura, (w:) Ko\u015bcia\u0142kowska-Oko\u0144ska, E.\/ P\u0142awski M. (red.), \u201eRocznik Przek\u0142adoznawczy 7. Studia nad teori\u0105, praktyk\u0105 i dydaktyk\u0105 przek\u0142adu\u201d, Toru\u0144, s. 179-188.<\/li>\n<\/ul>\n<\/td>\n<\/tr>\n<\/tbody>\n<\/table>\n<\/div><\/div>\n<div class=\"su-tabs-pane su-u-clearfix su-u-trim\" data-title=\"Linki do osobistych profili naukowych\/zawodowych\"><\/div>\n<div class=\"su-tabs-pane su-u-clearfix su-u-trim\" data-title=\"Wi\u0119cej\"><\/div><\/div><\/div><div class=\"su-tabs su-tabs-style-default su-tabs-mobile-scroll su-tabs-vertical\" data-active=\"1\" data-scroll-offset=\"0\" data-anchor-in-url=\"no\"><div class=\"su-tabs-nav\"><span class=\"\" data-url=\"\" data-target=\"blank\" tabindex=\"0\" role=\"button\">Informacje<\/span><span class=\"\" data-url=\"\" data-target=\"blank\" tabindex=\"0\" role=\"button\">Przebieg kariery<\/span><span class=\"\" data-url=\"\" data-target=\"blank\" tabindex=\"0\" role=\"button\">Zainteresowania naukowe<\/span><span class=\"\" data-url=\"\" data-target=\"blank\" tabindex=\"0\" role=\"button\">Wybrane publikacje<\/span><span class=\"\" data-url=\"\" data-target=\"blank\" tabindex=\"0\" role=\"button\">Linki do osobistych profili naukowych\/zawodowych<\/span><span class=\"\" data-url=\"\" data-target=\"blank\" tabindex=\"0\" role=\"button\">Wi\u0119cej<\/span><\/div><div class=\"su-tabs-panes\"><div class=\"su-tabs-pane su-u-clearfix su-u-trim\" data-title=\"Informacje\">\n<div class=\"su-table su-table-responsive su-table-alternate su-table-fixed\">\n<table style=\"width: 0px\">\n<tbody>\n<tr>\n<td style=\"width: 184px\"><strong>ORCID<\/strong><\/td>\n<td style=\"width: 306px\">&#8211;<\/td>\n<\/tr>\n<tr>\n<td style=\"width: 184px\"><strong>Obszar naukowy<\/strong><\/td>\n<td style=\"width: 306px\">j\u0119zykoznawstwo<\/td>\n<\/tr>\n<tr>\n<td style=\"width: 184px\"><strong>Stanowisko<\/strong><\/td>\n<td style=\"width: 306px\">adiunkt<\/td>\n<\/tr>\n<tr>\n<td style=\"width: 184px\"><strong>Numer pokoju w IKSI<\/strong><\/td>\n<td style=\"width: 306px\">3.514<\/td>\n<\/tr>\n<tr>\n<td style=\"width: 184px\"><strong>E-mail<\/strong><\/td>\n<td style=\"width: 306px\">a.dickel@uw.edu.pl<\/td>\n<\/tr>\n<tr>\n<td style=\"width: 184px\"><strong>Dy\u017cur<\/strong><\/td>\n<td style=\"width: 306px\" width=\"302\">czwartek,<\/p>\n<p>godz. 11.30-12.30<\/td>\n<\/tr>\n<\/tbody>\n<\/table>\n<\/div><\/div>\n<div class=\"su-tabs-pane su-u-clearfix su-u-trim\" data-title=\"Przebieg kariery\">\n<ul>\n<li>doktor nauk humanistycznych w zakresie j\u0119zykoznawstwa, Uniwersytet Warszawski, 2000<\/li>\n<li>magister filologii w zakresie lingwistyki stosowanej, Uniwersytet Warszawski, 1990<\/li>\n<\/ul>\n<\/div>\n<div class=\"su-tabs-pane su-u-clearfix su-u-trim\" data-title=\"Zainteresowania naukowe\">\n<ul>\n<li>lingwistyka j\u0119zyk\u00f3w specjalistycznych<\/li>\n<li>lingwistyka kontrastywna<\/li>\n<li>translatoryka<\/li>\n<li>dydaktyka translacji<\/li>\n<li>teoria i praktyka przek\u0142adu literackiego<\/li>\n<\/ul>\n<\/div>\n<div class=\"su-tabs-pane su-u-clearfix su-u-trim\" data-title=\"Wybrane publikacje\">\n<div class=\"su-table su-table-responsive su-table-alternate su-table-fixed\">\n<table style=\"width: 100%\">\n<tbody>\n<tr>\n<td style=\"width: 11.2583%\"><strong>Ksi\u0105\u017cki<\/strong><\/td>\n<td style=\"width: 87.6821%\" width=\"438\">\n<ul>\n<li>Dickel, A.\/ Burda, U.\/ Olpi\u0144ska, M. (7 podr\u0119cznik\u00f3w w ramach serii wydawniczej 2007-2010), Polens Wirtschafts- und Rechtssystem, Warszawa.<\/li>\n<\/ul>\n<\/td>\n<\/tr>\n<tr>\n<td style=\"width: 11.2583%\"><strong>Rozdzia\u0142y<\/strong><\/td>\n<td style=\"width: 87.6821%\">\n<ul>\n<li><\/li>\n<\/ul>\n<\/td>\n<\/tr>\n<tr>\n<td style=\"width: 11.2583%\"><strong>Artyku\u0142y<\/strong><\/td>\n<td style=\"width: 87.6821%\">\n<ul>\n<li>Dickel, A. (2013), Didaktik des Fachsprachenunterrichts, (w:) Karpi\u0144ski \u0141. (red.), \u201eKomunikacja Specjalistyczna\u201d 6, \u00a0s.101-120.<\/li>\n<li>Dickel, A. (2013), Geschichtlicher Hintergrund von Fachsprachen und ihre Definition, (w:) Grucza, F. (red.), \u201ePublikationen der Internationalen Vereinigung f\u00fcr Germanistik,\u00a0\u00a0 Akten des XII Internationalen Germanistikkongresses Warschau 2010\u201c18, \u00a0Frankfurt am Main-Berlin-Bern-Bruxelles-New York-Oxford-Warszawa-Wien, s. 19-24.<\/li>\n<li>Dickel, A. (2012), Der fachsprachliche und der allgemeinsprachliche Unterricht \u2013 Gemeinsamkeiten und Unterschiede, (w:) Olpi\u0144ska-Szkie\u0142ko, M.\/ Grucza, S.\/ Berdychowska, Z\/ \u017bmudzki, J. (red.), \u00a0\u201eDer Mensch und seine Sprachen. Festschrift f\u00fcr Professor Franciszek Grucza\u201c, Frankfurt am Main-Berlin-Bern-Bruxelles-New York-Oxford-Warszawa-Wien, s.\u00a0 196-205.<\/li>\n<li>Dickel, A\/ Burda, U\/\u00a0 Grucza, S.\/ Szersze\u0144, P. (2012), LISTIG-Wsparcie e-learningowe dla praktyki glotto- i translodydaktycznej, (w:) \u201eLingwistyka Stosowana\u201d6, Warszawa,\u00a0 s. 59-74.<\/li>\n<li>Dickel, A. (2012), Materia\u0142y do nauczania niemieckiego j\u0119zyka gospodarki dla przysz\u0142ych t\u0142umaczy oraz ich struktura, (w:) Ko\u015bcia\u0142kowska-Oko\u0144ska, E.\/ P\u0142awski M. (red.), \u201eRocznik Przek\u0142adoznawczy 7. Studia nad teori\u0105, praktyk\u0105 i dydaktyk\u0105 przek\u0142adu\u201d, Toru\u0144, s. 179-188.<\/li>\n<\/ul>\n<\/td>\n<\/tr>\n<\/tbody>\n<\/table>\n<\/div><\/div>\n<div class=\"su-tabs-pane su-u-clearfix su-u-trim\" data-title=\"Linki do osobistych profili naukowych\/zawodowych\"><\/div>\n<div class=\"su-tabs-pane su-u-clearfix su-u-trim\" data-title=\"Wi\u0119cej\"><\/div><\/div><\/div>","protected":false},"excerpt":{"rendered":"","protected":false},"author":872,"featured_media":0,"parent":55,"menu_order":0,"comment_status":"closed","ping_status":"closed","template":"","meta":{"_mc_calendar":[],"footnotes":"","_links_to":"","_links_to_target":""},"class_list":["post-716","page","type-page","status-publish","hentry","post"],"acf":[],"_links":{"self":[{"href":"http:\/\/iksi.uw.edu.pl\/de\/wp-json\/wp\/v2\/pages\/716","targetHints":{"allow":["GET"]}}],"collection":[{"href":"http:\/\/iksi.uw.edu.pl\/de\/wp-json\/wp\/v2\/pages"}],"about":[{"href":"http:\/\/iksi.uw.edu.pl\/de\/wp-json\/wp\/v2\/types\/page"}],"author":[{"embeddable":true,"href":"http:\/\/iksi.uw.edu.pl\/de\/wp-json\/wp\/v2\/users\/872"}],"replies":[{"embeddable":true,"href":"http:\/\/iksi.uw.edu.pl\/de\/wp-json\/wp\/v2\/comments?post=716"}],"version-history":[{"count":21,"href":"http:\/\/iksi.uw.edu.pl\/de\/wp-json\/wp\/v2\/pages\/716\/revisions"}],"predecessor-version":[{"id":11321,"href":"http:\/\/iksi.uw.edu.pl\/de\/wp-json\/wp\/v2\/pages\/716\/revisions\/11321"}],"up":[{"embeddable":true,"href":"http:\/\/iksi.uw.edu.pl\/de\/wp-json\/wp\/v2\/pages\/55"}],"wp:attachment":[{"href":"http:\/\/iksi.uw.edu.pl\/de\/wp-json\/wp\/v2\/media?parent=716"}],"curies":[{"name":"wp","href":"https:\/\/api.w.org\/{rel}","templated":true}]}}