{"id":793,"date":"2019-10-23T19:08:26","date_gmt":"2019-10-23T17:08:26","guid":{"rendered":"http:\/\/iksi.strony.uw.edu.pl\/?page_id=793"},"modified":"2022-04-14T10:18:06","modified_gmt":"2022-04-14T08:18:06","slug":"mgr-aleksandra-leoncewicz","status":"publish","type":"page","link":"http:\/\/iksi.uw.edu.pl\/de\/pracownicy\/mgr-aleksandra-leoncewicz\/","title":{"rendered":"mgr Aleksandra Leoncewicz"},"content":{"rendered":"<div class=\"su-tabs su-tabs-style-default su-tabs-mobile-scroll su-tabs-vertical\" data-active=\"1\" data-scroll-offset=\"0\" data-anchor-in-url=\"no\"><div class=\"su-tabs-nav\"><span class=\"\" data-url=\"\" data-target=\"blank\" tabindex=\"0\" role=\"button\">Informacje<\/span><span class=\"\" data-url=\"\" data-target=\"blank\" tabindex=\"0\" role=\"button\">Przebieg kariery<\/span><span class=\"\" data-url=\"\" data-target=\"blank\" tabindex=\"0\" role=\"button\">Zainteresowania naukowe<\/span><span class=\"\" data-url=\"\" data-target=\"blank\" tabindex=\"0\" role=\"button\">Wybrane publikacje<\/span><span class=\"\" data-url=\"\" data-target=\"blank\" tabindex=\"0\" role=\"button\">Linki do osobistych profili naukowych\/zawodowych<\/span><span class=\"\" data-url=\"\" data-target=\"blank\" tabindex=\"0\" role=\"button\">Wi\u0119cej<\/span><\/div><div class=\"su-tabs-panes\"><div class=\"su-tabs-pane su-u-clearfix su-u-trim\" data-title=\"Informacje\">\n<div class=\"su-table su-table-responsive su-table-alternate su-table-fixed\">\n<table style=\"width: 0px\">\n<tbody>\n<tr>\n<td style=\"width: 184px\"><strong>ORCID<\/strong><\/td>\n<td style=\"width: 306px\"><a href=\"https:\/\/orcid.org\/0000-0001-6657-8823\">https:\/\/orcid.org\/0000-0001-6657-8823<\/a><\/td>\n<\/tr>\n<tr>\n<td style=\"width: 184px\"><strong>Obszar naukowy<\/strong><\/td>\n<td style=\"width: 306px\">j\u0119zykoznawstwo<\/td>\n<\/tr>\n<tr>\n<td style=\"width: 184px\"><strong>Stanowisko<\/strong><\/td>\n<td style=\"width: 306px\">wyk\u0142adowca<\/td>\n<\/tr>\n<tr>\n<td style=\"width: 184px\"><strong>Numer pokoju w IKSI<\/strong><\/td>\n<td style=\"width: 306px\">3.520<\/td>\n<\/tr>\n<tr>\n<td style=\"width: 184px\"><strong>E-mail<\/strong><\/td>\n<td style=\"width: 306px\">a.leoncewicz@uw.edu.pl<\/td>\n<\/tr>\n<tr>\n<td style=\"width: 184px\"><strong>Dy\u017cur<\/strong><\/td>\n<td style=\"width: 306px\" width=\"302\">urlop<\/td>\n<\/tr>\n<\/tbody>\n<\/table>\n<\/div><\/div>\n<div class=\"su-tabs-pane su-u-clearfix su-u-trim\" data-title=\"Przebieg kariery\">\n<ul>\n<li>uko\u0144czone studia doktoranckie w zakresie lingwistyki, 2018<\/li>\n<li>magister filologii Uniwersytet Warszawski w zakresie historii politycznej, 2003<\/li>\n<\/ul>\n<\/div>\n<div class=\"su-tabs-pane su-u-clearfix su-u-trim\" data-title=\"Zainteresowania naukowe\">\n<ul>\n<li>dydaktyka j\u0119zyk\u00f3w obcych<\/li>\n<li>nauczanie j\u0119zyka w\u0142oskiego jako obcego<\/li>\n<li>t\u0142umaczenia i t\u0142umaczenia ustne<\/li>\n<\/ul>\n<\/div>\n<div class=\"su-tabs-pane su-u-clearfix su-u-trim\" data-title=\"Wybrane publikacje\">\n<div class=\"su-table su-table-responsive su-table-alternate su-table-fixed\">\n<table style=\"width: 100%\">\n<tbody>\n<tr>\n<td style=\"width: 11.2583%\"><strong>Ksi\u0105\u017cki<\/strong><\/td>\n<td style=\"width: 87.6821%\" width=\"438\"><\/td>\n<\/tr>\n<tr>\n<td style=\"width: 11.2583%\"><strong>Rozdzia\u0142y<\/strong><\/td>\n<td style=\"width: 87.6821%\"><\/td>\n<\/tr>\n<tr>\n<td style=\"width: 11.2583%\"><strong>Artyku\u0142y<\/strong><\/td>\n<td style=\"width: 87.6821%\" width=\"438\">\n<ul>\n<li>Leoncewicz, A. (2017), <em>Ranga s\u0142ownictwa\u00a0 w nauczaniu j\u0119zyka obcego os\u00f3b doros\u0142ych na przyk\u0142adzie j\u0119zyka w\u0142oskiego<\/em>, w JOwS 2017\/03<\/li>\n<\/ul>\n<\/td>\n<\/tr>\n<\/tbody>\n<\/table>\n<\/div><\/div>\n<div class=\"su-tabs-pane su-u-clearfix su-u-trim\" data-title=\"Linki do osobistych profili naukowych\/zawodowych\">\n<ul>\n<li><a href=\"https:\/\/merlin.pl\/a\/aleksandra-leoncewicz\/\">https:\/\/merlin.pl\/a\/aleksandra-leoncewicz\/<\/a><\/li>\n<li><a href=\"https:\/\/www.rdc.pl\/tag\/antonio-manzini\/\">https:\/\/www.rdc.pl\/tag\/antonio-manzini\/<\/a><\/li>\n<li><a href=\"https:\/\/www.rdc.pl\/podcast\/aktywna-sobota-dieta-smart-food-i-fizjoterapeutka-nie-tylko-dla-mlodych-mam\/\">https:\/\/www.rdc.pl\/podcast\/aktywna-sobota-dieta-smart-food-i-fizjoterapeutka-nie-tylko-dla-mlodych-mam\/<\/a><\/li>\n<li><a href=\"https:\/\/www.rdc.pl\/podcast\/kultura-wedlug-kron-rosella-postorino\/\">https:\/\/www.rdc.pl\/podcast\/kultura-wedlug-kron-rosella-postorino\/<\/a><\/li>\n<li><a href=\"https:\/\/www.znak.com.pl\/ksiazka\/cytryna-wlasciwosci-i-zastosowanie-dr-jadwiga-gornicka-poleca-giuseppe-maffeis-50823\">https:\/\/www.znak.com.pl\/ksiazka\/cytryna-wlasciwosci-i-zastosowanie-dr-jadwiga-gornicka-poleca-giuseppe-maffeis-50823<\/a><\/li>\n<\/ul>\n<\/div>\n<div class=\"su-tabs-pane su-u-clearfix su-u-trim\" data-title=\"Wi\u0119cej\"><\/div><\/div><\/div>\n","protected":false},"excerpt":{"rendered":"","protected":false},"author":872,"featured_media":0,"parent":55,"menu_order":0,"comment_status":"closed","ping_status":"closed","template":"","meta":{"_mc_calendar":[],"footnotes":"","_links_to":"","_links_to_target":""},"class_list":["post-793","page","type-page","status-publish","hentry","post"],"acf":[],"_links":{"self":[{"href":"http:\/\/iksi.uw.edu.pl\/de\/wp-json\/wp\/v2\/pages\/793","targetHints":{"allow":["GET"]}}],"collection":[{"href":"http:\/\/iksi.uw.edu.pl\/de\/wp-json\/wp\/v2\/pages"}],"about":[{"href":"http:\/\/iksi.uw.edu.pl\/de\/wp-json\/wp\/v2\/types\/page"}],"author":[{"embeddable":true,"href":"http:\/\/iksi.uw.edu.pl\/de\/wp-json\/wp\/v2\/users\/872"}],"replies":[{"embeddable":true,"href":"http:\/\/iksi.uw.edu.pl\/de\/wp-json\/wp\/v2\/comments?post=793"}],"version-history":[{"count":8,"href":"http:\/\/iksi.uw.edu.pl\/de\/wp-json\/wp\/v2\/pages\/793\/revisions"}],"predecessor-version":[{"id":5738,"href":"http:\/\/iksi.uw.edu.pl\/de\/wp-json\/wp\/v2\/pages\/793\/revisions\/5738"}],"up":[{"embeddable":true,"href":"http:\/\/iksi.uw.edu.pl\/de\/wp-json\/wp\/v2\/pages\/55"}],"wp:attachment":[{"href":"http:\/\/iksi.uw.edu.pl\/de\/wp-json\/wp\/v2\/media?parent=793"}],"curies":[{"name":"wp","href":"https:\/\/api.w.org\/{rel}","templated":true}]}}